{"id":36,"date":"2013-04-26T14:35:01","date_gmt":"2013-04-26T14:35:01","guid":{"rendered":"https:\/\/www.leben-atmen.com\/palermo\/?page_id=36"},"modified":"2013-05-23T06:58:37","modified_gmt":"2013-05-23T06:58:37","slug":"app-fur-iphoneipad","status":"publish","type":"page","link":"https:\/\/www.leben-atmen.com\/palermo\/app-fur-iphoneipad\/","title":{"rendered":"Tourinformation \/ Spendenaktion"},"content":{"rendered":"<div>\n<h1><strong>Leben atmen &#8211; Kulturradreise 2013 von Obergriesbach nach Palermo\/Sizilien<\/strong><\/h1>\n<h1><strong>oder \u00a0&#8222;Ein Rad f\u00fcr Ralf&#8220;<\/strong><\/h1>\n<p>Erleben Sie Europa, live und hautnah \u2013 und seien Sie dabei bei der Kulturradreise 2013 von Obergriesbach nach Palermo\/Sizilien des Autorenehepaars\u00a0Simone und Anton Ochsenk\u00fchn.<\/p>\n<p>Die Reise startet am 1. Juni 2013 und endet voraussichtlich f\u00fcnf Wochen sp\u00e4ter in Palermo auf der italienischen Insel Sizilien.<\/p>\n<\/div>\n<div><\/div>\n<div><\/div>\n<div><a href=\"https:\/\/www.leben-atmen.com\/wp-content\/blogs.dir\/4\/files\/2013\/04\/gotthard_2012.jpg\" data-rel=\"lightbox-image-0\" data-rl_title=\"\" data-rl_caption=\"\" title=\"\"><img decoding=\"async\" class=\"alignnone size-full\" alt=\"\" src=\"https:\/\/www.leben-atmen.com\/wp-content\/blogs.dir\/4\/files\/2013\/04\/gotthard_2012.jpg\" \/><\/a>Die ca. 2500 Kilometer beginnen im Wittelsbacher Land, im Landkreis Aichach-Friedberg und f\u00fchren die Ochsenk\u00fchns auf ihren Fahrr\u00e4dern nach \u00d6sterreich\u00a0\u00fcber Landeck den Reschenpass hinauf, nach Meran\/S\u00fcdtirol und Trento. Von Verona aus geht es weiter durch die Poebene und dann wieder bergauf \u00fcber\u00a0den Apenin. Mit Florenz erreichen sie dann einen ersten H\u00f6hepunkt ihrer Reise. Von dort aus nehmen sie den Franziskusweg \u00fcber Assisi nach Rom. Die\u00a0ewige Stadt m\u00f6chten die beiden mit der F\u00e4hre nach Sardinien verlassen, die Insel von Nord nach S\u00fcd durchqueren, um dann in Neapel mit der F\u00e4hre wieder\u00a0an das Festland zu gelangen. Nach der gro\u00dfartigen Hafenstadt werden sie nach Pompeij fahren, um den Lesern weitere Kulturen vergangener Zeiten\u00a0nahezubringen. Weiter geht es die K\u00fcste entlang nach Messina, dem \u00dcbertritt auf die Insel Sizilien. Auf der Nordseite entlang streben sie ihrem Ziel,\u00a0Palermo, entgegen.<\/p>\n<h1><strong>Ein Rad f\u00fcr Ralf:<\/strong><\/h1>\n<p>Dieses Jahr steht unsere Kulturradreise 2013 unter dem Motto &#8222;Ein Rad f\u00fcr Ralf&#8220;. Wir m\u00f6chten mit dieser Spendenfahrt auf die Krankheit Multiple Sklerose\u00a0aufmerksam machen und Ralf, der davon betroffen ist, etwas Gutes tun.<\/p>\n<p>Ralf ist 45 Jahre alt und als geb\u00fcrtiger \u00dcberlinger am Bodensee hat ihn die Liebe zu Bea ins Wittelsbacher Land gef\u00fchrt, wo die beiden jetzt wohnen und\u00a0leben.<\/p>\n<p>Beruflich hatte er schon als Kind einen Traum. Er wollte die Welt versch\u00f6nern, ja k\u00fcnstlerisch gestalten. Und so begann er eine Lehre seines Traumberufs:\u00a0Maler und Lackierer. Er war Perfektionist in seinem Element. Ralf besuchte Mitte der 90er die Meisterschule.<\/p>\n<p>Motorradfahren war privat f\u00fcr ihn das Sch\u00f6nste. Mit seiner Maschine fuhr er zum See und angelte, der ideale Ausgleich nach anstrengendem Handwerk.<\/p>\n<p>Ralf wollte ein normales Leben f\u00fchren, Kinder, ein Haus. Doch es sollte alles ganz anders kommen. Es war das Fr\u00fchjahr 1999. Pl\u00f6tzlich bemerkte er, dass\u00a0die \u00a0Kraft in seiner rechten Hand nachlies. Ralf, der sich zun\u00e4chst nicht davon beeindruckt zeigte, stellte bei seiner Arbeit auf links um. Aber sein Zustand\u00a0verschlechterte sich schleichend.<\/p>\n<p>Im Juni gleichen Jahres stand die schreckliche Diagnose fest: MS. Aber nicht eine &#8222;normale&#8220; Multiple Sklerose, sondern eine prim\u00e4r chronische progrediente\u00a0Verlaufsform. Diese seltenere Form verl\u00e4uft von Anfang an schleichend-fortschleichend. Hierbei handelt es sich nicht um entz\u00fcndliche Sch\u00fcbe, die partielle\u00a0Probleme oder Ausf\u00e4lle des K\u00f6rpers verursachen, sondern um eine stetige Abnahme der gesamten Agilit\u00e4t.<\/p>\n<\/div>\n<div><\/div>\n<div><a href=\"https:\/\/www.leben-atmen.com\/wp-content\/blogs.dir\/4\/files\/2013\/04\/ralf.jpeg\" data-rel=\"lightbox-image-1\" data-rl_title=\"\" data-rl_caption=\"\" title=\"\"><img decoding=\"async\" class=\"alignnone size-full\" alt=\"\" src=\"https:\/\/www.leben-atmen.com\/wp-content\/blogs.dir\/4\/files\/2013\/04\/ralf.jpeg\" \/><\/a>Seit August 2001 kann Ralf seinen geliebten Beruf nicht mehr aus\u00fcben, und erh\u00e4lt eine schmale Erwerbsminderungsrente. Seit 2008 ist Ralf auf den\u00a0Rollstuhl angewiesen.Wir m\u00f6chten Ralf gerne erm\u00f6glichen, mit seiner Bea wieder Ausfl\u00fcge zu unternehmen und zwar auf einem Behinderten-Fahrrad der Marke &#8222;Hase&#8220;. Ralf kann\u00a0vorne, gut gesichert, Platz nehmen. Er kann mittreten, muss aber nicht. Wenn es Bea zu schwer wird, so schaltet der starke Elektromotor zu und bringt die\u00a0beiden jeden Berg nach oben.Wenn Sie uns daf\u00fcr unterst\u00fctzen m\u00f6chten, so spenden Sie bitte auf folgendes Konto:<\/p>\n<p><strong>Spendenkonto<\/strong><\/p>\n<p><strong>Betreff: Ein Rad f\u00fcr Ralf<\/strong><\/p>\n<p><strong>Kto-Inhaber: Simone Ochsenk\u00fchn<\/strong><br \/>\n<strong>Raiffeisenbank Aindling<\/strong><br \/>\n<strong>BLZ 720 690 05<\/strong><br \/>\n<strong>KTO 1 000 429 945<\/strong><\/p>\n<\/div>\n<div><\/div>\n<div><\/div>\n<div><a href=\"https:\/\/www.leben-atmen.com\/wp-content\/blogs.dir\/4\/files\/2013\/04\/hase_rad.jpg\" data-rel=\"lightbox-image-2\" data-rl_title=\"\" data-rl_caption=\"\" title=\"\"><img decoding=\"async\" class=\"alignnone size-full\" alt=\"\" src=\"https:\/\/www.leben-atmen.com\/wp-content\/blogs.dir\/4\/files\/2013\/04\/hase_rad.jpg\" \/><\/a><\/div>\n<div><\/div>\n<div>Wir werden unsere Reise durch verschiedene Verlosungen und R\u00e4tsel anreichern und hoffen, das Geld f\u00fcr dieses wunderbare Fahrrad zusammen zu\u00a0bekommen. Der Spendenkontostand wird regelm\u00e4\u00dfig im Blog bekanntgegeben. Die Namen der Spender werden grunds\u00e4tzlich nicht ver\u00f6ffentlicht, auf\u00a0Wunsch jedoch gerne genannt. Bitte hier einen Vermerk auf dem \u00dcberweisungsformular hinterlassen.<\/p>\n<h1><strong>Informationen zur App:\u00a0<\/strong><\/h1>\n<p>Per iPhone- und iPad-App oder per Internetblog sind Sie auf dieser Reise quasi live dabei! Die Autoren und Inhaber des amac-buch-Verlags werden auf der\u00a0gesamten Strecke die App bzw. den Blog t\u00e4glich mit Text-, Bild- und Videoinformationen speisen. (<a href=\"https:\/\/itunes.apple.com\/de\/app\/leben-atmen-palermo\/id643572066?mt=8\">https:\/\/itunes.apple.com\/de\/app\/leben-atmen-palermo\/id643572066?mt=8<\/a>)<\/p>\n<\/div>\n<div><\/div>\n<div><a title=\"Leben atmen - Palermo\" href=\"https:\/\/itunes.apple.com\/de\/app\/leben-atmen-palermo\/id643572066?mt=8\" target=\"_blank\"><img decoding=\"async\" class=\"alignnone size-full\" alt=\"\" src=\"https:\/\/www.leben-atmen.com\/wp-content\/blogs.dir\/4\/files\/2013\/04\/Icon_Palermo.png\" \/><\/a><\/div>\n<div><\/div>\n<div><\/div>\n<div>\n<p>Genie\u00dfen Sie die Kulturradreise 2013 bequem vom Computer, iPad oder iPhone aus und g\u00f6nnen Sie sich jeden Tag ein kleines bisschen Auszeit mit\u00a0spannenden, lustigen, und kurzweiligen Geschichten des Autorenpaares Simone und Anton Ochsenk\u00fchn. Seien Sie pers\u00f6nlich dabei und kommentieren Sie\u00a0die Beitr\u00e4ge live und direkt.<\/p>\n<p><strong>Funktionen der kostenlosen App:<\/strong><\/p>\n<p>&#8211; Countdown bis zum Start<br \/>\n&#8211; \u00dcbersichtskarte der geplanten Tour (blau)<br \/>\n&#8211; Tats\u00e4chliche Tourdaten (rot)<br \/>\n&#8211; t\u00e4glicher Tourenbericht mit H\u00f6henprofil (km, Std., H\u00f6henmeter, etc.)<br \/>\n&#8211; \u00dcbersichtskarte in verschiedenen Darstellungen (Karte, Satellit, Hybrid)<br \/>\n&#8211; Anzeige der bislang gefahrenen Streckenl\u00e4nge<br \/>\n&#8211; aktuelle Beitr\u00e4ge von Simone und Anton Ochsenk\u00fchn in Wort, Bild und Video<br \/>\n&#8211; Bildergalerie<br \/>\n&#8211; Kommentarfunktion f\u00fcr jeden Zuschauer\/in ohne Anmeldung<br \/>\n&#8211; Pushfunktion &#8211; \u00a0direkte Information \u00fcber neue Eintr\u00e4ge umittelbar auf Ihr iPhone \/ iPad<\/p>\n<p>Falls Sie kein iPhone oder iPad haben oder das App nicht installieren m\u00f6chten, so k\u00f6nnen Sie im Web den Blog nachlesen unter:<\/p>\n<p><a href=\"http:\/\/blog.leben-atmen.com\/\">blog.leben-atmen.com<\/a><\/p>\n<p>Viel Spa\u00df w\u00fcnschen Simone und Anton Ochsenk\u00fchn, amac-buch Verlag<\/p>\n<\/div>\n<p><span style=\"color: #000000; font-family: 'Lucida Grande'; font-size: medium; line-height: normal;\">\u00a0<\/span><\/p>\n","protected":false},"excerpt":{"rendered":"<p>Leben atmen &#8211; Kulturradreise 2013 von Obergriesbach nach Palermo\/Sizilien oder \u00a0&#8222;Ein Rad f\u00fcr Ralf&#8220; Erleben Sie Europa, live und hautnah \u2013 und seien Sie dabei bei der Kulturradreise 2013 von Obergriesbach nach Palermo\/Sizilien des Autorenehepaars\u00a0Simone und Anton Ochsenk\u00fchn. Die Reise &hellip; <a href=\"https:\/\/www.leben-atmen.com\/palermo\/app-fur-iphoneipad\/\">Weiterlesen <span class=\"meta-nav\">&rarr;<\/span><\/a><\/p>\n","protected":false},"author":3,"featured_media":0,"parent":0,"menu_order":1,"comment_status":"open","ping_status":"open","template":"","meta":{"footnotes":""},"class_list":["post-36","page","type-page","status-publish","hentry"],"jetpack_sharing_enabled":true,"_links":{"self":[{"href":"https:\/\/www.leben-atmen.com\/palermo\/wp-json\/wp\/v2\/pages\/36","targetHints":{"allow":["GET"]}}],"collection":[{"href":"https:\/\/www.leben-atmen.com\/palermo\/wp-json\/wp\/v2\/pages"}],"about":[{"href":"https:\/\/www.leben-atmen.com\/palermo\/wp-json\/wp\/v2\/types\/page"}],"author":[{"embeddable":true,"href":"https:\/\/www.leben-atmen.com\/palermo\/wp-json\/wp\/v2\/users\/3"}],"replies":[{"embeddable":true,"href":"https:\/\/www.leben-atmen.com\/palermo\/wp-json\/wp\/v2\/comments?post=36"}],"version-history":[{"count":11,"href":"https:\/\/www.leben-atmen.com\/palermo\/wp-json\/wp\/v2\/pages\/36\/revisions"}],"predecessor-version":[{"id":37,"href":"https:\/\/www.leben-atmen.com\/palermo\/wp-json\/wp\/v2\/pages\/36\/revisions\/37"}],"wp:attachment":[{"href":"https:\/\/www.leben-atmen.com\/palermo\/wp-json\/wp\/v2\/media?parent=36"}],"curies":[{"name":"wp","href":"https:\/\/api.w.org\/{rel}","templated":true}]}}