{"id":6218,"date":"2016-12-19T13:40:13","date_gmt":"2016-12-19T12:40:13","guid":{"rendered":"https:\/\/www.leben-atmen.com\/leben-atmen-wp\/?page_id=6218"},"modified":"2022-03-31T22:02:19","modified_gmt":"2022-03-31T20:02:19","slug":"2018-europatour","status":"publish","type":"page","link":"https:\/\/www.leben-atmen.com\/leben-atmen-wp\/radreisen\/2018-europatour\/","title":{"rendered":"2018 Europatour"},"content":{"rendered":"<div class=\"wpb-content-wrapper\"><p>[vc_row css_animation=&#8221;fadeInDown&#8221; css=&#8221;.vc_custom_1482150982951{margin-top: 24px !important;margin-bottom: 24px !important;}&#8221;][vc_column][vc_custom_heading text=&#8221;Kulturradreise 2018 Europatour&#8221; font_container=&#8221;tag:h1|font_size:48|text_align:center&#8221; google_fonts=&#8221;font_family:Cinzel%3Aregular%2C700%2C900|font_style:400%20regular%3A400%3Anormal&#8221;][\/vc_column][\/vc_row][vc_row][vc_column css_animation=&#8221;fadeInLeftBig&#8221; width=&#8221;1\/3&#8243;][vc_single_image image=&#8221;6722&#8243; img_size=&#8221;large&#8221; style=&#8221;vc_box_shadow_3d&#8221; onclick=&#8221;link_image&#8221;][\/vc_column][vc_column css_animation=&#8221;fadeInRightBig&#8221; width=&#8221;2\/3&#8243;][vc_column_text]F\u00fcr das Jahr 2018 haben wir uns wieder eine traumhaft sch\u00f6ne Tour vorgenommen:<\/p>\n<p>Wir radeln aus der Heimat los, um Wochen sp\u00e4ter in einem Kreis fahrend wieder dahin zur\u00fcck zu kehren.<\/p>\n<p>Wir radeln in Richtung Bodensee, um von dort aus dann in die Schweiz zu gelangen. \u00dcber Genf pedalen wir dann nach Lyon, um \u00fcber das Rhone-Tal (Avignon) nach Marseille zu gelangen.<\/p>\n<p>In Marseille werden wir mit der F\u00e4hre nach Sardinien \u00fcbersetzen \u2013 wohl nach Ponte Torres. Da die F\u00e4hre lediglich einmal je Woche f\u00e4hrt, kann es durchaus sein, dass wir \u00fcber Korsika uns nach Sardinien bringen lassen. Mal sehen \u2026<\/p>\n<p>In Sardinien angekommen, steuern wir Cagliari an, um die F\u00e4hre nach Palermo zu erreichen.<\/p>\n<p>Wir kennen die S\u00fcdseite Siziliens noch nicht, und deshalb werden wir wohl \u00fcber Trapani und Sciacca nach Agrigent strampeln. Von dort aus geht es \u00fcber Syrakus nach Catania und weiter nach Messina.<\/p>\n<p>\u00dcber Kalabrien und Apulien gelangen wir nach Bari, um von dort aus die F\u00e4hre nach Dubrovnik zu erreichen.<\/p>\n<p>In Kroatien angekommen werden wir \u00fcber die zahlreichen Inseln nordwestlich hoppeln, um dann \u00fcber Slowenien und \u00d6sterreich wieder zur\u00fcck zu kehren.<\/p>\n<p>Traumhaft \u2013 nicht wahr?<\/p>\n<p>So jedenfalls war die Planung \u2013 bis zum 16. Juni 2018 \u2013 also 2 Tage vor der Abreise. Irgendwie f\u00fchlte es sich nicht gut an, erst nach Frankreich und am Ende der Tour \u00fcber Kroatien heim zu kehren. Also entschlossen wir uns kurzerhand, die Route einfach umzukehren. So sind wir die Europarunde 2018 eben im Uhrzeigersinn geradelt und haben dabei ca. 3000 km zur\u00fcckgelegt.<\/p>\n<p>Und hier ist der komplette Reiseverlauf zu sehen und nachzuerleben: <a href=\"https:\/\/www.leben-atmen.com\/europatour\/\" target=\"_blank\" rel=\"noopener noreferrer\">https:\/\/www.leben-atmen.com\/europatour\/<\/a>.[\/vc_column_text][\/vc_column][\/vc_row][vc_row css_animation=&#8221;fadeIn&#8221; css=&#8221;.vc_custom_1528106529782{margin-top: 2em !important;margin-bottom: 2em !important;}&#8221;][vc_column][vc_separator sepopt=&#8221;simple&#8221; bordersep=&#8221;sep_border&#8221; borderpos=&#8221;bpc&#8221; top=&#8221;24px&#8221; bottom=&#8221;24px&#8221; borderwidth=&#8221;100&#8243; bordercolor=&#8221;#a8a8a8&#8243; bordertick=&#8221;1&#8243;][\/vc_column][\/vc_row][vc_row css=&#8221;.vc_custom_1555404514710{margin-bottom: 3em !important;}&#8221;][vc_column][vc_masonry_media_grid item=&#8221;masonryMedia_BorderedScale&#8221; grid_id=&#8221;vc_gid:1610624565000-975088c5-7dbb-2&#8243; include=&#8221;6926,6927,6928,6929,6930,6931,6932,6934,6935,6937,6939,6940,6941,6942,6944,6945,6946,6948,6949,6950,6951,6953,6954,6956,6957,6958,6959,6960,6961,6962,6963,6967,6968,6969,6970,6971,6972,6973,6974,6975,6976,6978,6979,6980,6981,6982,6984,6985,6987,6988,6989,6992,6993,6994,6995,6997,7000,7001,7002,7003,7004,7005,7006,7007,7010,7011,7012,7013,7014,7015,7016,7017,7018,7020,7021,7022,7023,7025,7026,7027,7028,7029,7030,7031,7032,7033,7034,7036,7037,7038,7039,7040,7041,7042,7043,7044,7045&#8243;][\/vc_column][\/vc_row][vc_row][vc_column][vc_empty_space height=&#8221;100px&#8221;][\/vc_column][\/vc_row]<\/p>\n<\/div>","protected":false},"excerpt":{"rendered":"<p>[vc_row css_animation=&#8221;fadeInDown&#8221; css=&#8221;.vc_custom_1482150982951{margin-top: 24px !important;margin-bottom: 24px !important;}&#8221;][vc_column][vc_custom_heading text=&#8221;Kulturradreise 2018 Europatour&#8221; font_container=&#8221;tag:h1|font_size:48|text_align:center&#8221; google_fonts=&#8221;font_family:Cinzel%3Aregular%2C700%2C900|font_style:400%20regular%3A400%3Anormal&#8221;][\/vc_column][\/vc_row][vc_row][vc_column css_animation=&#8221;fadeInLeftBig&#8221; width=&#8221;1\/3&#8243;][vc_single_image image=&#8221;6722&#8243; img_size=&#8221;large&#8221; style=&#8221;vc_box_shadow_3d&#8221; onclick=&#8221;link_image&#8221;][\/vc_column][vc_column css_animation=&#8221;fadeInRightBig&#8221; width=&#8221;2\/3&#8243;][vc_column_text]F\u00fcr das Jahr 2018 haben wir uns wieder eine traumhaft sch\u00f6ne Tour vorgenommen: Wir radeln aus der Heimat los, um Wochen sp\u00e4ter in einem Kreis fahrend wieder dahin zur\u00fcck zu kehren. Wir radeln in Richtung Bodensee, um von dort aus dann in die Schweiz zu gelangen. \u00dcber Genf pedalen wir dann nach Lyon, um \u00fcber das Rhone-Tal (Avignon) nach Marseille zu gelangen. In Marseille werden wir mit der F\u00e4hre nach Sardinien \u00fcbersetzen \u2013 wohl nach Ponte Torres. Da die F\u00e4hre lediglich &hellip; <a href=\"https:\/\/www.leben-atmen.com\/leben-atmen-wp\/radreisen\/2018-europatour\/\">Continued<\/a><\/p>\n","protected":false},"author":1,"featured_media":0,"parent":34,"menu_order":0,"comment_status":"closed","ping_status":"closed","template":"page-fullwidth.php","meta":{"footnotes":""},"class_list":["post-6218","page","type-page","status-publish","hentry"],"_links":{"self":[{"href":"https:\/\/www.leben-atmen.com\/leben-atmen-wp\/wp-json\/wp\/v2\/pages\/6218","targetHints":{"allow":["GET"]}}],"collection":[{"href":"https:\/\/www.leben-atmen.com\/leben-atmen-wp\/wp-json\/wp\/v2\/pages"}],"about":[{"href":"https:\/\/www.leben-atmen.com\/leben-atmen-wp\/wp-json\/wp\/v2\/types\/page"}],"author":[{"embeddable":true,"href":"https:\/\/www.leben-atmen.com\/leben-atmen-wp\/wp-json\/wp\/v2\/users\/1"}],"replies":[{"embeddable":true,"href":"https:\/\/www.leben-atmen.com\/leben-atmen-wp\/wp-json\/wp\/v2\/comments?post=6218"}],"version-history":[{"count":21,"href":"https:\/\/www.leben-atmen.com\/leben-atmen-wp\/wp-json\/wp\/v2\/pages\/6218\/revisions"}],"predecessor-version":[{"id":7177,"href":"https:\/\/www.leben-atmen.com\/leben-atmen-wp\/wp-json\/wp\/v2\/pages\/6218\/revisions\/7177"}],"up":[{"embeddable":true,"href":"https:\/\/www.leben-atmen.com\/leben-atmen-wp\/wp-json\/wp\/v2\/pages\/34"}],"wp:attachment":[{"href":"https:\/\/www.leben-atmen.com\/leben-atmen-wp\/wp-json\/wp\/v2\/media?parent=6218"}],"curies":[{"name":"wp","href":"https:\/\/api.w.org\/{rel}","templated":true}]}}