{"id":44,"date":"2016-12-14T10:21:19","date_gmt":"2016-12-14T09:21:19","guid":{"rendered":"https:\/\/www.leben-atmen.com\/leben-atmen-wp\/?page_id=44"},"modified":"2026-01-03T19:53:26","modified_gmt":"2026-01-03T18:53:26","slug":"impressum","status":"publish","type":"page","link":"https:\/\/www.leben-atmen.com\/leben-atmen-wp\/impressum\/","title":{"rendered":"Impressum"},"content":{"rendered":"<div class=\"wpb-content-wrapper\"><p>[vc_row][vc_column][vc_custom_heading text=&#8221;Impressum gem\u00e4\u00df \u00a7 6 Teledienstegesetz (TDG)&#8221; font_container=&#8221;tag:h1|font_size:42|text_align:center&#8221; google_fonts=&#8221;font_family:Cinzel%3Aregular%2C700%2C900|font_style:400%20regular%3A400%3Anormal&#8221;][\/vc_column][\/vc_row][vc_row][vc_column][vc_column_text css=&#8221;&#8221;]<\/p>\n<h3>Inhaltlich Verantwortlicher gem\u00e4\u00df \u00a7 6 Mediendienstestaatsvertrag (MDStV):<\/h3>\n<p>amac-buch Verlag eGbR, Simone &amp; Anton Ochsenk\u00fchn, Erlenweg 6, D-86573 Obergriesbach<\/p>\n<h3>Haftungshinweis:<\/h3>\n<p>Unsere Internet-Pr\u00e4senz enth\u00e4lt Links zu Inhalten externer Anbieter. Wir kontrollieren die verlinkten Inhalte in diesem Sinne regelm\u00e4\u00dfig und sorgf\u00e4ltig. Gleichwohl k\u00f6nnen wir es nicht sicher ausschlie\u00dfen, dass sich z. B. infolge Zeitablaufs oder Ver\u00e4nderung der Inhalte im Nachhinein, Gesetzes- oder Verletzungen von Rechten Dritter durch die verlinkten externen Inhalte ergeben k\u00f6nnten.<\/p>\n<p>Eine Haftung f\u00fcr die externen verlinkten Inhalte schlie\u00dfen wir daher aus. F\u00fcr die externen Inhalte sind deren Betreiber bzw. Anbieter verantwortlich.<\/p>\n<h3>Bei technischen Fragen wenden Sie sich bitte an:<\/h3>\n<p>E-Mail: <a href=\"mailto:info@amac.de\">info (at) amac.de<\/a>[\/vc_column_text][\/vc_column][\/vc_row][vc_row][vc_column][vc_empty_space height=&#8221;60px&#8221;][\/vc_column][\/vc_row]<\/p>\n<\/div>","protected":false},"excerpt":{"rendered":"<p>[vc_row][vc_column][vc_custom_heading text=&#8221;Impressum gem\u00e4\u00df \u00a7 6 Teledienstegesetz (TDG)&#8221; font_container=&#8221;tag:h1|font_size:42|text_align:center&#8221; google_fonts=&#8221;font_family:Cinzel%3Aregular%2C700%2C900|font_style:400%20regular%3A400%3Anormal&#8221;][\/vc_column][\/vc_row][vc_row][vc_column][vc_column_text css=&#8221;&#8221;] Inhaltlich Verantwortlicher gem\u00e4\u00df \u00a7 6 Mediendienstestaatsvertrag (MDStV): amac-buch Verlag eGbR, Simone &amp; Anton Ochsenk\u00fchn, Erlenweg 6, D-86573 Obergriesbach Haftungshinweis: Unsere Internet-Pr\u00e4senz enth\u00e4lt Links zu Inhalten externer Anbieter. Wir kontrollieren die verlinkten Inhalte in diesem Sinne regelm\u00e4\u00dfig und sorgf\u00e4ltig. Gleichwohl k\u00f6nnen wir es nicht sicher ausschlie\u00dfen, dass sich z. B. infolge Zeitablaufs oder Ver\u00e4nderung der Inhalte im Nachhinein, Gesetzes- oder Verletzungen von Rechten Dritter durch die verlinkten externen Inhalte ergeben k\u00f6nnten. Eine Haftung f\u00fcr die externen verlinkten Inhalte schlie\u00dfen wir daher aus. F\u00fcr die externen Inhalte sind deren Betreiber bzw. Anbieter &hellip; <a href=\"https:\/\/www.leben-atmen.com\/leben-atmen-wp\/impressum\/\">Continued<\/a><\/p>\n","protected":false},"author":1,"featured_media":0,"parent":0,"menu_order":0,"comment_status":"closed","ping_status":"closed","template":"","meta":{"footnotes":""},"class_list":["post-44","page","type-page","status-publish","hentry"],"_links":{"self":[{"href":"https:\/\/www.leben-atmen.com\/leben-atmen-wp\/wp-json\/wp\/v2\/pages\/44","targetHints":{"allow":["GET"]}}],"collection":[{"href":"https:\/\/www.leben-atmen.com\/leben-atmen-wp\/wp-json\/wp\/v2\/pages"}],"about":[{"href":"https:\/\/www.leben-atmen.com\/leben-atmen-wp\/wp-json\/wp\/v2\/types\/page"}],"author":[{"embeddable":true,"href":"https:\/\/www.leben-atmen.com\/leben-atmen-wp\/wp-json\/wp\/v2\/users\/1"}],"replies":[{"embeddable":true,"href":"https:\/\/www.leben-atmen.com\/leben-atmen-wp\/wp-json\/wp\/v2\/comments?post=44"}],"version-history":[{"count":5,"href":"https:\/\/www.leben-atmen.com\/leben-atmen-wp\/wp-json\/wp\/v2\/pages\/44\/revisions"}],"predecessor-version":[{"id":7383,"href":"https:\/\/www.leben-atmen.com\/leben-atmen-wp\/wp-json\/wp\/v2\/pages\/44\/revisions\/7383"}],"wp:attachment":[{"href":"https:\/\/www.leben-atmen.com\/leben-atmen-wp\/wp-json\/wp\/v2\/media?parent=44"}],"curies":[{"name":"wp","href":"https:\/\/api.w.org\/{rel}","templated":true}]}}