{"id":8,"date":"2016-07-04T12:27:01","date_gmt":"2016-07-04T10:27:01","guid":{"rendered":"https:\/\/www.leben-atmen.com\/italien\/?page_id=8"},"modified":"2016-07-09T11:00:16","modified_gmt":"2016-07-09T09:00:16","slug":"bilder","status":"publish","type":"page","link":"https:\/\/www.leben-atmen.com\/italien\/bilder\/","title":{"rendered":"Bildergalerie"},"content":{"rendered":"<p>Die besten Bilder der Reise sind hier \u00fcber die Webseite von\u00a0<a title=\"Nobby goes home - amac-buch Verlag mit Pferd und Drahtesel unterwegs - 2016\" href=\"https:\/\/www.flickr.com\/photos\/amac-buch\/albums\/72157670797219215\" target=\"_blank\">flickr<\/a>\u00a0f\u00fcr Jedermann zug\u00e4nglich<\/p>\n<p>Wir w\u00fcnschen viel Freude beim Ansehen und Genie\u00dfen.<\/p>\n<p><a title=\"Nobby goes home - amac-buch Verlag mit Pferd und Drahtesel unterwegs - 2016\" href=\"https:\/\/www.flickr.com\/photos\/amac-buch\/albums\/72157670797219215\" target=\"_blank\"><img loading=\"lazy\" decoding=\"async\" class=\"alignnone\" src=\"https:\/\/www.leben-atmen.com\/wp-content\/blogs.dir\/6\/files\/2015\/06\/flickr-logo-2012.png.v1.png\" alt=\"\" width=\"144\" height=\"22\" \/><\/a><\/p>\n","protected":false},"excerpt":{"rendered":"<p>Die besten Bilder der Reise sind hier \u00fcber die Webseite von\u00a0flickr\u00a0f\u00fcr Jedermann zug\u00e4nglich Wir w\u00fcnschen viel Freude beim Ansehen und Genie\u00dfen.<\/p>\n","protected":false},"author":3,"featured_media":0,"parent":0,"menu_order":0,"comment_status":"closed","ping_status":"closed","template":"","meta":{"footnotes":""},"class_list":["post-8","page","type-page","status-publish","hentry"],"jetpack_sharing_enabled":true,"_links":{"self":[{"href":"https:\/\/www.leben-atmen.com\/italien\/wp-json\/wp\/v2\/pages\/8","targetHints":{"allow":["GET"]}}],"collection":[{"href":"https:\/\/www.leben-atmen.com\/italien\/wp-json\/wp\/v2\/pages"}],"about":[{"href":"https:\/\/www.leben-atmen.com\/italien\/wp-json\/wp\/v2\/types\/page"}],"author":[{"embeddable":true,"href":"https:\/\/www.leben-atmen.com\/italien\/wp-json\/wp\/v2\/users\/3"}],"replies":[{"embeddable":true,"href":"https:\/\/www.leben-atmen.com\/italien\/wp-json\/wp\/v2\/comments?post=8"}],"version-history":[{"count":4,"href":"https:\/\/www.leben-atmen.com\/italien\/wp-json\/wp\/v2\/pages\/8\/revisions"}],"predecessor-version":[{"id":9,"href":"https:\/\/www.leben-atmen.com\/italien\/wp-json\/wp\/v2\/pages\/8\/revisions\/9"}],"wp:attachment":[{"href":"https:\/\/www.leben-atmen.com\/italien\/wp-json\/wp\/v2\/media?parent=8"}],"curies":[{"name":"wp","href":"https:\/\/api.w.org\/{rel}","templated":true}]}}